{"id":10246,"date":"2023-04-04T11:48:45","date_gmt":"2023-04-04T11:48:45","guid":{"rendered":"https:\/\/www.detrailbikes.com\/?page_id=10246"},"modified":"2024-03-26T21:42:48","modified_gmt":"2024-03-26T20:42:48","slug":"sveriges-nya-cykelmarke","status":"publish","type":"page","link":"https:\/\/www.detrailbikes.com\/sv\/sveriges-nya-cykelmarke\/","title":{"rendered":"SVERIGES NYA CYKELM\u00c4RKE"},"content":{"rendered":"\n<h2 class=\"wp-block-heading\">SVERIGES NYA CYKELM\u00c4RKE F\u00d6R MOUNTAINBIKES<\/h2>\n\n\n\n<p><strong>K\u00e4rleken till skogen och m\u00e4nniskors v\u00e4lm\u00e5ende resulterade i svenska stigcyklar. Tillsammans med en veteran inom cykelv\u00e4rlden, Alastair Beckett, mixar vi det b\u00e4sta av expertis och passion.<\/strong><\/p>\n\n\n\n<figure class=\"wp-block-image size-large mc mc--l lw lw--txt\"><img loading=\"lazy\" decoding=\"async\" width=\"1024\" height=\"728\" src=\"https:\/\/www.detrailbikes.com\/wp-content\/uploads\/2023\/04\/hero-detrail-trail-2-1024x728.jpg\" alt=\"\" class=\"wp-image-10225\" srcset=\"https:\/\/www.detrailbikes.com\/wp-content\/uploads\/2023\/04\/hero-detrail-trail-2-1024x728.jpg 1024w, https:\/\/www.detrailbikes.com\/wp-content\/uploads\/2023\/04\/hero-detrail-trail-2-300x213.jpg 300w, https:\/\/www.detrailbikes.com\/wp-content\/uploads\/2023\/04\/hero-detrail-trail-2-150x107.jpg 150w, https:\/\/www.detrailbikes.com\/wp-content\/uploads\/2023\/04\/hero-detrail-trail-2-768x546.jpg 768w, https:\/\/www.detrailbikes.com\/wp-content\/uploads\/2023\/04\/hero-detrail-trail-2-1536x1092.jpg 1536w, https:\/\/www.detrailbikes.com\/wp-content\/uploads\/2023\/04\/hero-detrail-trail-2-16x11.jpg 16w, https:\/\/www.detrailbikes.com\/wp-content\/uploads\/2023\/04\/hero-detrail-trail-2-600x427.jpg 600w, https:\/\/www.detrailbikes.com\/wp-content\/uploads\/2023\/04\/hero-detrail-trail-2.jpg 2000w\" sizes=\"auto, (max-width: 1024px) 100vw, 1024px\" \/><\/figure>\n\n\n\n<p>Att motion och att vistas i naturen s\u00e4nker stressniv\u00e5n och \u00f6kar p\u00e5 m\u00e4nniskans v\u00e4lm\u00e5ende \u00e4r ingen nyhet. Detrail \u00e4r ett nytt svenskt mountainbike-varum\u00e4rke som sl\u00e5r ett slag f\u00f6r k\u00e4nslan av att trampa sig fram p\u00e5 naturens v\u00e4gar samtidigt som alla sinnen anv\u00e4nds.<\/p>\n\n\n\n<p>Detrail levererar svenskbyggda mountainbikes som \u00e4r optimerade f\u00f6r den nordiska skogsterr\u00e4ngen. Fokus ligger p\u00e5 cykelgl\u00e4dje utan mellanh\u00e4nder i allt fr\u00e5n handplockad detalj till handbyggd helhet, allt f\u00f6r att maximera v\u00e4lbefinnandet och upplevelsen av den svenska stigen genom att kalibrera varje cykel efter kundens m\u00e5tt och behov.<\/p>\n\n\n\n<p><strong>Vad \u00e4r stigcykling?<\/strong><\/p>\n\n\n\n<p>Stigcykling \u00e4r en naturupplevelse p\u00e5 mountainbike d\u00e4r du sj\u00e4lv best\u00e4mmer sv\u00e5righetsniv\u00e5n och niv\u00e5n p\u00e5 anstr\u00e4ngningen. Med skogen som arena g\u00f6r detta Sverige till ett optimalt land f\u00f6r stigcykling.<\/p>\n\n\n\n<p><strong>Detrails cyklar<\/strong><\/p>\n\n\n\n<p>Tre \u00e5rs intensivt arbete har mynnat ut i ett nytt svenskt cykelvarum\u00e4rke med tre olika modeller alla med stigen i fokus. Modellerna inneh\u00e5ller alla olika blandningar av effektivitet, komfort och aggressivitet f\u00f6r att kunna matcha kunden.<\/p>\n\n\n\n<p>Premiumramar i kolfiber anv\u00e4nds uteslutande fr\u00e4mst f\u00f6r att det l\u00e4tta och starka kolfibret ger en \u00f6kad k\u00e4nsla i ut\u00f6vandet. Ramarna matchas med komponenter fr\u00e5n k\u00e4nda varum\u00e4rken som testas grundligt i den nordiska terr\u00e4ngen.<\/p>\n\n\n\n<p>\u2013 Vi har medvetet valt att g\u00e5 f\u00f6r komponenter av enbart h\u00f6g kvalitet. Dels f\u00f6r en \u00f6kad livsl\u00e4ngd men ocks\u00e5 f\u00f6r att vi tror att det ger en mer v\u00e4lanv\u00e4nd cykel, s\u00e4ger Robin Johansson, grundare av Detrail.<\/p>\n\n\n\n<p>Eftersom Detrails aff\u00e4rsmodell \u00e4r direkt till konsument s\u00e5 skapar detta mycket v\u00e4rde f\u00f6r pengarna. En f\u00f6rdel som vi ser det \u00e4r ocks\u00e5 att du f\u00e5r en direktkontakt till den som har byggt din cykel f\u00f6r support samt tips och tricks.<\/p>\n\n\n\n<p>Cyklarna s\u00e4tts ihop f\u00f6r hand i Bor\u00e5s vilket g\u00f6r att kunderna f\u00e5r en st\u00f6rre valfrihet men ocks\u00e5 att de anpassas till kundens m\u00e5tt f\u00f6r b\u00e4ttre passform och \u00f6kad k\u00e4nsla p\u00e5 stigen.<\/p>\n\n\n\n<p><strong>Tre olika modeller<\/strong><\/p>\n\n\n\n<p>Detrails sortiment best\u00e5r idag av tre olika modeller, alla fokuserade p\u00e5 olika varianter av stigcykling. Modellnamnen skvallrar om vart cyklarna \u00e4r t\u00e4nkta att anv\u00e4ndas.<\/p>\n\n\n\n<figure class=\"wp-block-image size-large mc mc--l lw lw--txt\"><img loading=\"lazy\" decoding=\"async\" width=\"1024\" height=\"576\" src=\"https:\/\/www.detrailbikes.com\/wp-content\/uploads\/2023\/02\/S115-LXG-S1D1B3-2-1024x576.jpg\" alt=\"\" class=\"wp-image-8433\" srcset=\"https:\/\/www.detrailbikes.com\/wp-content\/uploads\/2023\/02\/S115-LXG-S1D1B3-2-1024x576.jpg 1024w, https:\/\/www.detrailbikes.com\/wp-content\/uploads\/2023\/02\/S115-LXG-S1D1B3-2-300x169.jpg 300w, https:\/\/www.detrailbikes.com\/wp-content\/uploads\/2023\/02\/S115-LXG-S1D1B3-2-150x84.jpg 150w, https:\/\/www.detrailbikes.com\/wp-content\/uploads\/2023\/02\/S115-LXG-S1D1B3-2-768x432.jpg 768w, https:\/\/www.detrailbikes.com\/wp-content\/uploads\/2023\/02\/S115-LXG-S1D1B3-2-1536x864.jpg 1536w, https:\/\/www.detrailbikes.com\/wp-content\/uploads\/2023\/02\/S115-LXG-S1D1B3-2-16x9.jpg 16w, https:\/\/www.detrailbikes.com\/wp-content\/uploads\/2023\/02\/S115-LXG-S1D1B3-2-600x338.jpg 600w, https:\/\/www.detrailbikes.com\/wp-content\/uploads\/2023\/02\/S115-LXG-S1D1B3-2.jpg 1920w\" sizes=\"auto, (max-width: 1024px) 100vw, 1024px\" \/><\/figure>\n\n\n\n<p><strong>Stig<\/strong><\/p>\n\n\n\n<p>Vi tar den klassiska hardtail cykeln och h\u00f6jer volymen rej\u00e4lt med en modern geometri f\u00f6r att kunna bem\u00e4stra olika underlag utan eftertanke. Med 67,5\u00b0 gaffelvinkel, 120mm st\u00f6td\u00e4mpare och brett styre skapas extra sj\u00e4lvf\u00f6rtroende utan att du skall tappa snabbheten och effektiviteten signerad en \u00e4kta hardtail.<\/p>\n\n\n\n<p><strong>Stig 115<\/strong><\/p>\n\n\n\n<p>Modern Cross Country suddar ut gr\u00e4nsen mellan v\u00e4g och berg och s\u00e4tter dig mitt p\u00e5 kartan d\u00e4r hastighet, effektivitet och kapabilitet m\u00f6ts. Med 115mm fj\u00e4rdingsv\u00e4g bak och 120mm fram klarar STIG 115 st\u00f6kig terr\u00e4ng utan att tappa i trampeffektivitet. Tack vare den flacka gaffelvinkeln p\u00e5 66\u00b0 h\u00f6js sj\u00e4lvf\u00f6rtroendet och du \u00e4r i full kontroll n\u00e4r stigen g\u00e5r utf\u00f6r.<\/p>\n\n\n\n<p><strong>Stig 135<\/strong><\/p>\n\n\n\n<p>En m\u00e5ngsidig stigcykel med modern progressiv geometri och kapabla st\u00f6td\u00e4mpare g\u00f6r STIG 135 redo f\u00f6r den svenska stigens alla utmaningar. Med 135mm fj\u00e4dring bak och 140\/150mm fram skapas trygghet och bekv\u00e4mlighet p\u00e5 l\u00e4ttare stigar samt effektivitet och kraftfullhet n\u00e4r stigen blir st\u00f6kig. En flack gaffelvinkel p\u00e5 65\u00b0 s\u00e4tter dig i en position av kontroll och inbjuder till tuffare k\u00f6rning n\u00e4r stigen pekar ned\u00e5t. V\u00e4nd upp igen och njut av den branta sadelstolpsvinkel p\u00e5 78\u00b0 som s\u00e4tter dig i en effektiv och bekv\u00e4m trampposition d\u00e4r b\u00e5de fram och bakhjul h\u00e5ller sig klistrat mot marken.<\/p>\n\n\n\n<figure class=\"wp-block-image size-large lw lw--txt\"><img loading=\"lazy\" decoding=\"async\" width=\"1024\" height=\"682\" src=\"https:\/\/www.detrailbikes.com\/wp-content\/uploads\/2023\/04\/hero-stig-135-1024x682.jpg\" alt=\"\" class=\"wp-image-10227\" srcset=\"https:\/\/www.detrailbikes.com\/wp-content\/uploads\/2023\/04\/hero-stig-135-1024x682.jpg 1024w, https:\/\/www.detrailbikes.com\/wp-content\/uploads\/2023\/04\/hero-stig-135-300x200.jpg 300w, https:\/\/www.detrailbikes.com\/wp-content\/uploads\/2023\/04\/hero-stig-135-150x100.jpg 150w, https:\/\/www.detrailbikes.com\/wp-content\/uploads\/2023\/04\/hero-stig-135-768x512.jpg 768w, https:\/\/www.detrailbikes.com\/wp-content\/uploads\/2023\/04\/hero-stig-135-1536x1024.jpg 1536w, https:\/\/www.detrailbikes.com\/wp-content\/uploads\/2023\/04\/hero-stig-135-16x11.jpg 16w, https:\/\/www.detrailbikes.com\/wp-content\/uploads\/2023\/04\/hero-stig-135-600x400.jpg 600w, https:\/\/www.detrailbikes.com\/wp-content\/uploads\/2023\/04\/hero-stig-135.jpg 2000w\" sizes=\"auto, (max-width: 1024px) 100vw, 1024px\" \/><\/figure>\n\n\n\n<p><\/p>\n\n\n\n<p><strong>K\u00f6p online<\/strong><\/p>\n\n\n\n<p>Detrails cyklar k\u00f6ps enbart direkt p\u00e5 webben d\u00e4r kunden enkelt kan konfigurera de tre olika modellerna efter sina \u00f6nskem\u00e5l genom att sj\u00e4lv v\u00e4lja fr\u00e5n tre olika niv\u00e5er p\u00e5 d\u00e4mpare och komponenter; Core, Performance och Expert. Vidare kan \u00e4ven d\u00e4cken anpassas efter vilket rullmotst\u00e5nd och grepp som \u00f6nskas, fr\u00e5n Fast-Rolling till Grippy.<\/p>\n\n\n\n<p>Detrails onlinekonfigurator p\u00e5minner om hur man bygger sin bil online, n\u00e5got som vi tycker \u00e4r viktigt d\u00e5 vi inte \u00e4r intresserade av att trycka ut cyklar p\u00e5 marknaden som inte \u00e4r fullt anpassade till kundens behov och \u00f6nskem\u00e5l. Vi vill att kunden skall kunna s\u00e4tta sin ton p\u00e5 produkten, b\u00e5de n\u00e4r det kommer till f\u00e4rg och niv\u00e5 p\u00e5 komponenter.<\/p>\n\n\n\n<p>Vi har nyligen lanserat v\u00e5r e-handel som \u00e4r \u00f6ppen f\u00f6r f\u00f6rs\u00e4ljning i Sverige och resterande EU l\u00e4nder. Fram\u00e5t planerar vi f\u00f6r att kunna leverera Detrails cyklar \u00e4ven till Norge och Storbritannien.<\/p>\n\n\n\n<p><strong>Position p\u00e5 marknaden<\/strong><\/p>\n\n\n\n<p>Om Detrail vore en sko, skulle den vara en vandringsk\u00e4nga.<\/p>\n\n\n\n<p>F\u00f6rdelarna med att vara en ny akt\u00f6r p\u00e5 en etablerad marknad \u00e4r f\u00e5, k\u00e4nslan av konstant motvind \u00e4r alltid n\u00e4rvarande. Men en av f\u00f6rdelarna \u00e4r att man kan v\u00e4lja vart man vill f\u00f6rs\u00f6ka positionera sig i kundens medvetande i kundens syn p\u00e5 marknaden. V\u00e5r position g\u00e5r hand i hand med varum\u00e4rkets DNA och \u00e4r ocks\u00e5 en stor anledning till att varum\u00e4rket existerar idag.<\/p>\n\n\n\n<p>V\u00e5r analys av kategorin mountainbike visar p\u00e5 tv\u00e5 stora omr\u00e5den d\u00e4r den ena har fokus p\u00e5 kondition i form av Cross Country och den andra har fokus p\u00e5 Gravity i form av downhill och enduro. Eftersom dessa tv\u00e5 omr\u00e5den har stora t\u00e4vlingar p\u00e5 nationell och internationell niv\u00e5 med proffsteam, sponsorer och sponsrade atleter s\u00e5 \u00e4r det ocks\u00e5 h\u00e4r som m\u00e5nga befintliga varum\u00e4rken l\u00e4gger sitt fokus och sin kommunikation.<\/p>\n\n\n\n<p>Detrail har valt att positionera sig p\u00e5 stigen som g\u00e5r mellan Cross Country och Gravity, och h\u00e4r har vi f\u00f6r avsikt att stanna. Det \u00e4r h\u00e4r vi m\u00e5r som b\u00e4st och det \u00e4r denna syn vi vill dela med oss av till fler, f\u00f6r \u00e4r det n\u00e5got vi brinner alldeles extra f\u00f6r s\u00e5 \u00e4r det just m\u00e4nniskors v\u00e4lm\u00e5ende och m\u00e4nniskans koppling till naturen.\u00a0\u00a0<\/p>\n\n\n\n<figure class=\"wp-block-image size-large lw lw--txt\"><img loading=\"lazy\" decoding=\"async\" width=\"1024\" height=\"1024\" src=\"https:\/\/www.detrailbikes.com\/wp-content\/uploads\/2023\/02\/Assembly-1-Rendering-28-1-1024x1024.png\" alt=\"\" class=\"wp-image-7152\"\/><\/figure>\n\n\n\n<p><strong>Framtiden<\/strong><\/p>\n\n\n\n<p>L\u00e5ngsiktighet, uth\u00e5llighet och pannben \u00e4r ett krav om man vill vara med i spelet b\u00e5de n\u00e4r det g\u00e4ller sport och f\u00f6retagande. Att ha en tydlig vision g\u00f6r sm\u00e5 dagliga beslut enklare och \u00e4r m\u00e5let att vara f\u00f6rsta valet n\u00e4r kunden t\u00e4nker stigcykel s\u00e5 finns det ingen tid f\u00f6r genv\u00e4gar.<br><\/p>\n\n\n\n<p>Tack!<\/p>\n\n\n\n<p><a href=\"mailto:ride@detrailbikes.com\">robin@detrailbikes.com<\/a><\/p>\n\n\n\n<p>+46335500285<\/p>\n\n\n\n<p><br><\/p>\n","protected":false},"excerpt":{"rendered":"<p>SVERIGES NYA CYKELM\u00c4RKE F\u00d6R MOUNTAINBIKES K\u00e4rleken till skogen och m\u00e4nniskors v\u00e4lm\u00e5ende resulterade i svenska stigcyklar. Tillsammans med en veteran inom cykelv\u00e4rlden, Alastair Beckett, mixar vi det b\u00e4sta av expertis och passion. Att motion och att vistas i naturen s\u00e4nker stressniv\u00e5n och \u00f6kar p\u00e5 m\u00e4nniskans v\u00e4lm\u00e5ende \u00e4r ingen nyhet. Detrail \u00e4r ett nytt svenskt mountainbike-varum\u00e4rke som [&hellip;]<\/p>\n","protected":false},"author":2,"featured_media":0,"parent":0,"menu_order":0,"comment_status":"closed","ping_status":"closed","template":"","meta":{"_acf_changed":false,"footnotes":""},"class_list":["post-10246","page","type-page","status-publish","hentry"],"acf":[],"yoast_head":"<!-- This site is optimized with the Yoast SEO plugin v27.2 - https:\/\/yoast.com\/product\/yoast-seo-wordpress\/ -->\n<title>SVERIGES NYA CYKELM\u00c4RKE - Detrail Bikes<\/title>\n<meta name=\"robots\" content=\"index, follow, max-snippet:-1, max-image-preview:large, max-video-preview:-1\" \/>\n<link rel=\"canonical\" href=\"https:\/\/www.detrailbikes.com\/sv\/sveriges-nya-cykelmarke\/\" \/>\n<meta property=\"og:locale\" content=\"sv_SE\" \/>\n<meta property=\"og:type\" content=\"article\" \/>\n<meta property=\"og:title\" content=\"SVERIGES NYA CYKELM\u00c4RKE - Detrail Bikes\" \/>\n<meta property=\"og:description\" content=\"SVERIGES NYA CYKELM\u00c4RKE F\u00d6R MOUNTAINBIKES K\u00e4rleken till skogen och m\u00e4nniskors v\u00e4lm\u00e5ende resulterade i svenska stigcyklar. Tillsammans med en veteran inom cykelv\u00e4rlden, Alastair Beckett, mixar vi det b\u00e4sta av expertis och passion. Att motion och att vistas i naturen s\u00e4nker stressniv\u00e5n och \u00f6kar p\u00e5 m\u00e4nniskans v\u00e4lm\u00e5ende \u00e4r ingen nyhet. Detrail \u00e4r ett nytt svenskt mountainbike-varum\u00e4rke som [&hellip;]\" \/>\n<meta property=\"og:url\" content=\"https:\/\/www.detrailbikes.com\/sv\/sveriges-nya-cykelmarke\/\" \/>\n<meta property=\"og:site_name\" content=\"Detrail Bikes\" \/>\n<meta property=\"article:modified_time\" content=\"2024-03-26T20:42:48+00:00\" \/>\n<meta property=\"og:image\" content=\"https:\/\/www.detrailbikes.com\/wp-content\/uploads\/2023\/04\/hero-detrail-trail-2-1024x728.jpg\" \/>\n<meta name=\"twitter:card\" content=\"summary_large_image\" \/>\n<meta name=\"twitter:label1\" content=\"Ber\u00e4knad l\u00e4stid\" \/>\n\t<meta name=\"twitter:data1\" content=\"6 minuter\" \/>\n<script type=\"application\/ld+json\" class=\"yoast-schema-graph\">{\"@context\":\"https:\/\/schema.org\",\"@graph\":[{\"@type\":\"WebPage\",\"@id\":\"https:\/\/www.detrailbikes.com\/sv\/sveriges-nya-cykelmarke\/\",\"url\":\"https:\/\/www.detrailbikes.com\/sv\/sveriges-nya-cykelmarke\/\",\"name\":\"SVERIGES NYA CYKELM\u00c4RKE - Detrail Bikes\",\"isPartOf\":{\"@id\":\"https:\/\/www.detrailbikes.com\/sv\/#website\"},\"primaryImageOfPage\":{\"@id\":\"https:\/\/www.detrailbikes.com\/sv\/sveriges-nya-cykelmarke\/#primaryimage\"},\"image\":{\"@id\":\"https:\/\/www.detrailbikes.com\/sv\/sveriges-nya-cykelmarke\/#primaryimage\"},\"thumbnailUrl\":\"https:\/\/www.detrailbikes.com\/wp-content\/uploads\/2023\/04\/hero-detrail-trail-2-1024x728.jpg\",\"datePublished\":\"2023-04-04T11:48:45+00:00\",\"dateModified\":\"2024-03-26T20:42:48+00:00\",\"breadcrumb\":{\"@id\":\"https:\/\/www.detrailbikes.com\/sv\/sveriges-nya-cykelmarke\/#breadcrumb\"},\"inLanguage\":\"sv-SE\",\"potentialAction\":[{\"@type\":\"ReadAction\",\"target\":[\"https:\/\/www.detrailbikes.com\/sv\/sveriges-nya-cykelmarke\/\"]}]},{\"@type\":\"ImageObject\",\"inLanguage\":\"sv-SE\",\"@id\":\"https:\/\/www.detrailbikes.com\/sv\/sveriges-nya-cykelmarke\/#primaryimage\",\"url\":\"https:\/\/www.detrailbikes.com\/wp-content\/uploads\/2023\/04\/hero-detrail-trail-2-1024x728.jpg\",\"contentUrl\":\"https:\/\/www.detrailbikes.com\/wp-content\/uploads\/2023\/04\/hero-detrail-trail-2-1024x728.jpg\"},{\"@type\":\"BreadcrumbList\",\"@id\":\"https:\/\/www.detrailbikes.com\/sv\/sveriges-nya-cykelmarke\/#breadcrumb\",\"itemListElement\":[{\"@type\":\"ListItem\",\"position\":1,\"name\":\"Home\",\"item\":\"https:\/\/www.detrailbikes.com\/sv\/\"},{\"@type\":\"ListItem\",\"position\":2,\"name\":\"SVERIGES NYA CYKELM\u00c4RKE\"}]},{\"@type\":\"WebSite\",\"@id\":\"https:\/\/www.detrailbikes.com\/sv\/#website\",\"url\":\"https:\/\/www.detrailbikes.com\/sv\/\",\"name\":\"Detrail Bikes\",\"description\":\"\",\"publisher\":{\"@id\":\"https:\/\/www.detrailbikes.com\/sv\/#organization\"},\"potentialAction\":[{\"@type\":\"SearchAction\",\"target\":{\"@type\":\"EntryPoint\",\"urlTemplate\":\"https:\/\/www.detrailbikes.com\/sv\/?s={search_term_string}\"},\"query-input\":{\"@type\":\"PropertyValueSpecification\",\"valueRequired\":true,\"valueName\":\"search_term_string\"}}],\"inLanguage\":\"sv-SE\"},{\"@type\":\"Organization\",\"@id\":\"https:\/\/www.detrailbikes.com\/sv\/#organization\",\"name\":\"Detrail\",\"url\":\"https:\/\/www.detrailbikes.com\/sv\/\",\"logo\":{\"@type\":\"ImageObject\",\"inLanguage\":\"sv-SE\",\"@id\":\"https:\/\/www.detrailbikes.com\/sv\/#\/schema\/logo\/image\/\",\"url\":\"https:\/\/www.detrailbikes.com\/wp-content\/uploads\/2022\/04\/detrail-logo-horizontal-black.png\",\"contentUrl\":\"https:\/\/www.detrailbikes.com\/wp-content\/uploads\/2022\/04\/detrail-logo-horizontal-black.png\",\"width\":1266,\"height\":135,\"caption\":\"Detrail\"},\"image\":{\"@id\":\"https:\/\/www.detrailbikes.com\/sv\/#\/schema\/logo\/image\/\"},\"sameAs\":[\"https:\/\/www.instagram.com\/detrailbikes\/\"]}]}<\/script>\n<!-- \/ Yoast SEO plugin. -->","yoast_head_json":{"title":"SVERIGES NYA CYKELM\u00c4RKE - Detrail Bikes","robots":{"index":"index","follow":"follow","max-snippet":"max-snippet:-1","max-image-preview":"max-image-preview:large","max-video-preview":"max-video-preview:-1"},"canonical":"https:\/\/www.detrailbikes.com\/sv\/sveriges-nya-cykelmarke\/","og_locale":"sv_SE","og_type":"article","og_title":"SVERIGES NYA CYKELM\u00c4RKE - Detrail Bikes","og_description":"SVERIGES NYA CYKELM\u00c4RKE F\u00d6R MOUNTAINBIKES K\u00e4rleken till skogen och m\u00e4nniskors v\u00e4lm\u00e5ende resulterade i svenska stigcyklar. Tillsammans med en veteran inom cykelv\u00e4rlden, Alastair Beckett, mixar vi det b\u00e4sta av expertis och passion. Att motion och att vistas i naturen s\u00e4nker stressniv\u00e5n och \u00f6kar p\u00e5 m\u00e4nniskans v\u00e4lm\u00e5ende \u00e4r ingen nyhet. Detrail \u00e4r ett nytt svenskt mountainbike-varum\u00e4rke som [&hellip;]","og_url":"https:\/\/www.detrailbikes.com\/sv\/sveriges-nya-cykelmarke\/","og_site_name":"Detrail Bikes","article_modified_time":"2024-03-26T20:42:48+00:00","og_image":[{"url":"https:\/\/www.detrailbikes.com\/wp-content\/uploads\/2023\/04\/hero-detrail-trail-2-1024x728.jpg","type":"","width":"","height":""}],"twitter_card":"summary_large_image","twitter_misc":{"Ber\u00e4knad l\u00e4stid":"6 minuter"},"schema":{"@context":"https:\/\/schema.org","@graph":[{"@type":"WebPage","@id":"https:\/\/www.detrailbikes.com\/sv\/sveriges-nya-cykelmarke\/","url":"https:\/\/www.detrailbikes.com\/sv\/sveriges-nya-cykelmarke\/","name":"SVERIGES NYA CYKELM\u00c4RKE - Detrail Bikes","isPartOf":{"@id":"https:\/\/www.detrailbikes.com\/sv\/#website"},"primaryImageOfPage":{"@id":"https:\/\/www.detrailbikes.com\/sv\/sveriges-nya-cykelmarke\/#primaryimage"},"image":{"@id":"https:\/\/www.detrailbikes.com\/sv\/sveriges-nya-cykelmarke\/#primaryimage"},"thumbnailUrl":"https:\/\/www.detrailbikes.com\/wp-content\/uploads\/2023\/04\/hero-detrail-trail-2-1024x728.jpg","datePublished":"2023-04-04T11:48:45+00:00","dateModified":"2024-03-26T20:42:48+00:00","breadcrumb":{"@id":"https:\/\/www.detrailbikes.com\/sv\/sveriges-nya-cykelmarke\/#breadcrumb"},"inLanguage":"sv-SE","potentialAction":[{"@type":"ReadAction","target":["https:\/\/www.detrailbikes.com\/sv\/sveriges-nya-cykelmarke\/"]}]},{"@type":"ImageObject","inLanguage":"sv-SE","@id":"https:\/\/www.detrailbikes.com\/sv\/sveriges-nya-cykelmarke\/#primaryimage","url":"https:\/\/www.detrailbikes.com\/wp-content\/uploads\/2023\/04\/hero-detrail-trail-2-1024x728.jpg","contentUrl":"https:\/\/www.detrailbikes.com\/wp-content\/uploads\/2023\/04\/hero-detrail-trail-2-1024x728.jpg"},{"@type":"BreadcrumbList","@id":"https:\/\/www.detrailbikes.com\/sv\/sveriges-nya-cykelmarke\/#breadcrumb","itemListElement":[{"@type":"ListItem","position":1,"name":"Home","item":"https:\/\/www.detrailbikes.com\/sv\/"},{"@type":"ListItem","position":2,"name":"SVERIGES NYA CYKELM\u00c4RKE"}]},{"@type":"WebSite","@id":"https:\/\/www.detrailbikes.com\/sv\/#website","url":"https:\/\/www.detrailbikes.com\/sv\/","name":"Detrail Bikes","description":"","publisher":{"@id":"https:\/\/www.detrailbikes.com\/sv\/#organization"},"potentialAction":[{"@type":"SearchAction","target":{"@type":"EntryPoint","urlTemplate":"https:\/\/www.detrailbikes.com\/sv\/?s={search_term_string}"},"query-input":{"@type":"PropertyValueSpecification","valueRequired":true,"valueName":"search_term_string"}}],"inLanguage":"sv-SE"},{"@type":"Organization","@id":"https:\/\/www.detrailbikes.com\/sv\/#organization","name":"Detrail","url":"https:\/\/www.detrailbikes.com\/sv\/","logo":{"@type":"ImageObject","inLanguage":"sv-SE","@id":"https:\/\/www.detrailbikes.com\/sv\/#\/schema\/logo\/image\/","url":"https:\/\/www.detrailbikes.com\/wp-content\/uploads\/2022\/04\/detrail-logo-horizontal-black.png","contentUrl":"https:\/\/www.detrailbikes.com\/wp-content\/uploads\/2022\/04\/detrail-logo-horizontal-black.png","width":1266,"height":135,"caption":"Detrail"},"image":{"@id":"https:\/\/www.detrailbikes.com\/sv\/#\/schema\/logo\/image\/"},"sameAs":["https:\/\/www.instagram.com\/detrailbikes\/"]}]}},"_links":{"self":[{"href":"https:\/\/www.detrailbikes.com\/sv\/wp-json\/wp\/v2\/pages\/10246","targetHints":{"allow":["GET"]}}],"collection":[{"href":"https:\/\/www.detrailbikes.com\/sv\/wp-json\/wp\/v2\/pages"}],"about":[{"href":"https:\/\/www.detrailbikes.com\/sv\/wp-json\/wp\/v2\/types\/page"}],"author":[{"embeddable":true,"href":"https:\/\/www.detrailbikes.com\/sv\/wp-json\/wp\/v2\/users\/2"}],"replies":[{"embeddable":true,"href":"https:\/\/www.detrailbikes.com\/sv\/wp-json\/wp\/v2\/comments?post=10246"}],"version-history":[{"count":2,"href":"https:\/\/www.detrailbikes.com\/sv\/wp-json\/wp\/v2\/pages\/10246\/revisions"}],"predecessor-version":[{"id":18006,"href":"https:\/\/www.detrailbikes.com\/sv\/wp-json\/wp\/v2\/pages\/10246\/revisions\/18006"}],"wp:attachment":[{"href":"https:\/\/www.detrailbikes.com\/sv\/wp-json\/wp\/v2\/media?parent=10246"}],"curies":[{"name":"wp","href":"https:\/\/api.w.org\/{rel}","templated":true}]}}